{"id":14795,"date":"2021-01-08T09:01:30","date_gmt":"2021-01-08T08:01:30","guid":{"rendered":"https:\/\/i-moments.com\/qui-som\/"},"modified":"2025-01-22T10:10:22","modified_gmt":"2025-01-22T09:10:22","slug":"quienes-somos","status":"publish","type":"page","link":"https:\/\/i-moments.com\/ca\/quienes-somos\/","title":{"rendered":"Qui som"},"content":{"rendered":"\n\t<section class=\"section\" id=\"section_1862153540\">\n\t\t<div class=\"section-bg fill\" >\n\t\t\t\t\t\t\t\t\t\n\t\t\t\n\t<div class=\"is-border\"\n\t\tstyle=\"border-width:0px 0px 0px 0px;margin:-16px 0px 0px 0px;\">\n\t<\/div>\n\n\t\t<\/div>\n\n\t\t\n\n\t\t<div class=\"section-content relative\">\n\t\t\t\n\t<div id=\"gap-2005678930\" class=\"gap-element clearfix\" style=\"display:block; height:auto;\">\n\t\t\n<style>\n#gap-2005678930 {\n  padding-top: 30px;\n}\n<\/style>\n\t<\/div>\n\t\n<div class=\"row align-middle\"  id=\"row-403350\">\n\n\t<div id=\"col-1673527739\" class=\"col medium-12 small-12 large-6\"  >\n\t\t\t\t<div class=\"col-inner\"  >\n\t\t\t\n\t\t\t\n\t<div id=\"gap-1638363484\" class=\"gap-element clearfix hide-for-small\" style=\"display:block; height:auto;\">\n\t\t\n<style>\n#gap-1638363484 {\n  padding-top: 10px;\n}\n@media (min-width:850px) {\n  #gap-1638363484 {\n    padding-top: 30px;\n  }\n}\n<\/style>\n\t<\/div>\n\t\n\t<div id=\"text-4048597394\" class=\"text\">\n\t\t\n<h1>Sobre i-moments<\/h1>\n<p><span style=\"font-size: 75%;\">El teu dest\u00ed per a productes personalitzats i records inoblidables.<\/span><\/p>\n\t\t\n<style>\n#text-4048597394 {\n  font-size: 1rem;\n}\n@media (min-width:550px) {\n  #text-4048597394 {\n    font-size: 2rem;\n  }\n}\n<\/style>\n\t<\/div>\n\t\n\t<div id=\"text-2518243624\" class=\"text\">\n\t\t\n<p class=\"lead\">Som el resultat de l&#8217;evoluci\u00f3 d&#8217;AP PHOTO INDUSTRIES, S.L., una empresa amb m\u00e9s de 30 anys d&#8217;experi\u00e8ncia en el m\u00f3n de la fotografia. Comencem com a fabricants i distribu\u00efdors de productes i accessoris per a la fotografia tradicional o anal\u00f2gica, convertint-nos en un referent en el sector. No obstant aix\u00f2, amb l&#8217;arribada de les noves tecnologies, fem un pas endavant i incorporem la tecnologia digital, reempla\u00e7ant pr\u00e0cticament la fotografia anal\u00f2gica.<\/p>\n<div class=\"container\"> <\/div>\n\t\t\n<style>\n#text-2518243624 {\n  font-size: 1rem;\n}\n<\/style>\n\t<\/div>\n\t\n\t<div id=\"gap-294480495\" class=\"gap-element clearfix\" style=\"display:block; height:auto;\">\n\t\t\n<style>\n#gap-294480495 {\n  padding-top: 10px;\n}\n<\/style>\n\t<\/div>\n\t\n\t\t<\/div>\n\t\t\t\t\t<\/div>\n\n\t\n\n\t<div id=\"col-563000671\" class=\"col medium-12 small-12 large-6 medium-col-first\"  >\n\t\t\t\t<div class=\"col-inner text-center\"  >\n\t\t\t\n\t\t\t\n\t<div class=\"img has-hover x md-x lg-x y md-y lg-y\" id=\"image_285849418\">\n\t\t\t\t\t\t\t\t<div class=\"img-inner dark\" >\n\t\t\t<img decoding=\"async\" width=\"428\" height=\"82\" src=\"https:\/\/i-moments.com\/content\/files\/2021\/01\/imoments_logo.png\" class=\"attachment-original size-original\" alt=\"i-moments | M\u00e1s de 1000 ideas para imprimir tus fotos.\" srcset=\"https:\/\/i-moments.com\/content\/files\/2021\/01\/imoments_logo.png 428w, https:\/\/i-moments.com\/content\/files\/2021\/01\/imoments_logo-64x12.png 64w, https:\/\/i-moments.com\/content\/files\/2021\/01\/imoments_logo-300x57.png 300w\" sizes=\"(max-width: 428px) 100vw, 428px\" title=\"|\">\t\t\t\t\t\t\n\t\t\t\t\t<\/div>\n\t\t\t\t\t\t\t\t\n<style>\n#image_285849418 {\n  width: 100%;\n}\n@media (min-width:850px) {\n  #image_285849418 {\n    width: 71%;\n  }\n}\n<\/style>\n\t<\/div>\n\t\n\t\t<\/div>\n\t\t\t\t\t<\/div>\n\n\t\n<\/div>\n<div class=\"row align-center\"  id=\"row-1530243427\">\n\n\t<div id=\"col-794733278\" class=\"col medium-7 small-12 large-11\"  >\n\t\t\t\t<div class=\"col-inner text-center\"  >\n\t\t\t\n\t\t\t\n<h2>Valors<\/h2>\n\t<div id=\"text-4255113125\" class=\"text\">\n\t\t\n<p>Des d&#8217;aleshores hem experimentat una transformaci\u00f3 profunda que ens ha portat a ser un referent en aquest mercat. Va ser en aquest proc\u00e9s de metamorfosi, impulsat per la nostra dedicaci\u00f3 cap als nostres clients, que va n\u00e9ixer <strong>i-moments<\/strong>. Un projecte que neix per donar als nostres clients un conjunt d&#8217;eines que els permetessin projectar la seva imaginaci\u00f3 i obtenir resultats dignes dels millors professionals o artistes. Productes d&#8217;una gran qualitat i sempre fabricats de la manera m\u00e9s sostenible possible <a href=\"https:\/\/i-moments.com\/ca\/eco-moments\/\"><strong>(pots consultar aqu\u00ed el nostre costat m\u00e9s ress\u00f2)<\/strong><\/a> <\/p>\n\t\t\n<style>\n#text-4255113125 {\n  font-size: 1rem;\n}\n<\/style>\n\t<\/div>\n\t\n<p>En i-moments volem ser els teus c\u00f2mplices en aquells moments especials que atresorar\u00e0s per sempre. \u00c9s per aix\u00f2 que la nostra marca es basa en la &#8220;i&#8221; d&#8217;I-nnovaci\u00f3, I-liusi\u00f3, I-nolvidables i I-maginaci\u00f3. Ens apassiona aprofitar la tecnologia m\u00e9s avan\u00e7ada perqu\u00e8 puguis crear productes personalitzats \u00fanics i memorables. Des d&#8217;\u00e0lbums de fotos i llen\u00e7os personalitzats fins a tasses i estoigs, la nostra gamma de productes et permet capturar els teus records d&#8217;una manera completament \u00fanica mitjan\u00e7ant la personalitzaci\u00f3.<\/p>\n<div class=\"row row-collapse row-full-width\"  id=\"row-594332114\">\n\n\t<div id=\"col-384825774\" class=\"col medium-3 small-6 large-3\"  >\n\t\t\t\t<div class=\"col-inner\"  >\n\t\t\t\n\t\t\t\n\n\t<section class=\"section dark\" id=\"section_172343450\">\n\t\t<div class=\"section-bg fill\" >\n\t\t\t<img decoding=\"async\" width=\"1280\" height=\"1280\" src=\"https:\/\/i-moments.com\/content\/files\/2021\/01\/foto-panel-1.jpg\" class=\"bg attachment- size-\" alt=\"Foto-Panel\" title=\"|\">\t\t\t\t\t\t<div class=\"section-bg-overlay absolute fill\"><\/div>\n\t\t\t\n\n\t\t<\/div>\n\n\t\t\n\n\t\t<div class=\"section-content relative\">\n\t\t\t\n\n\t\t<div class=\"icon-box featured-box icon-box-center text-center\"  >\n\t\t\t\t<div class=\"icon-box-text last-reset\">\n\t\t\t\t\t\t\t\t\t\n<h3>Innovaci\u00f3<\/h3>\n\t\t<\/div>\n\t<\/div>\n\t\n\t\n\t\t<\/div>\n\n\t\t\n<style>\n#section_172343450 {\n  padding-top: 30px;\n  padding-bottom: 30px;\n  min-height: 300px;\n}\n#section_172343450 .section-bg-overlay {\n  background-color: rgba(0, 0, 0, 0.4);\n}\n<\/style>\n\t<\/section>\n\t\n\t\t<\/div>\n\t\t\t\t\t<\/div>\n\n\t\n\n\t<div id=\"col-541910100\" class=\"col medium-3 small-6 large-3\"  >\n\t\t\t\t<div class=\"col-inner\"  >\n\t\t\t\n\t\t\t\n\n\t<section class=\"section dark\" id=\"section_301286733\">\n\t\t<div class=\"section-bg fill\" >\n\t\t\t<img decoding=\"async\" width=\"1280\" height=\"1280\" src=\"https:\/\/i-moments.com\/content\/files\/2021\/01\/camiseta-infantil-personalizada-5.jpg\" class=\"bg attachment- size-\" alt=\"|\" title=\"|\">\t\t\t\t\t\t<div class=\"section-bg-overlay absolute fill\"><\/div>\n\t\t\t\n\n\t\t<\/div>\n\n\t\t\n\n\t\t<div class=\"section-content relative\">\n\t\t\t\n\n\t\t<div class=\"icon-box featured-box icon-box-center text-center\"  >\n\t\t\t\t<div class=\"icon-box-text last-reset\">\n\t\t\t\t\t\t\t\t\t\n<h3>Il\u00b7lusi\u00f3<\/h3>\n\t\t<\/div>\n\t<\/div>\n\t\n\t\n\t\t<\/div>\n\n\t\t\n<style>\n#section_301286733 {\n  padding-top: 30px;\n  padding-bottom: 30px;\n  min-height: 300px;\n}\n#section_301286733 .section-bg-overlay {\n  background-color: rgba(0, 0, 0, 0.26);\n}\n<\/style>\n\t<\/section>\n\t\n\t\t<\/div>\n\t\t\t\t\t<\/div>\n\n\t\n\n\t<div id=\"col-1884257139\" class=\"col medium-3 small-6 large-3\"  >\n\t\t\t\t<div class=\"col-inner\"  >\n\t\t\t\n\t\t\t\n\n\t<section class=\"section dark\" id=\"section_2005689225\">\n\t\t<div class=\"section-bg fill\" >\n\t\t\t<img decoding=\"async\" width=\"1280\" height=\"1280\" src=\"https:\/\/i-moments.com\/content\/files\/2021\/01\/ceramica-oval-con-marco-personalizada-5.jpg\" class=\"bg attachment- size-\" alt=\"Cer\u00e1mica Oval con marco Personalizada\" title=\"|\">\t\t\t\t\t\t<div class=\"section-bg-overlay absolute fill\"><\/div>\n\t\t\t\n\n\t\t<\/div>\n\n\t\t\n\n\t\t<div class=\"section-content relative\">\n\t\t\t\n\n\t\t<div class=\"icon-box featured-box icon-box-center text-center\"  >\n\t\t\t\t<div class=\"icon-box-text last-reset\">\n\t\t\t\t\t\t\t\t\t\n<h3>Inolvidables<\/h3>\n\t\t<\/div>\n\t<\/div>\n\t\n\t\n\t\t<\/div>\n\n\t\t\n<style>\n#section_2005689225 {\n  padding-top: 30px;\n  padding-bottom: 30px;\n  min-height: 300px;\n}\n#section_2005689225 .section-bg-overlay {\n  background-color: rgba(0, 0, 0, 0.4);\n}\n<\/style>\n\t<\/section>\n\t\n\t\t<\/div>\n\t\t\t\t\t<\/div>\n\n\t\n\n\t<div id=\"col-1621661245\" class=\"col medium-3 small-6 large-3\"  >\n\t\t\t\t<div class=\"col-inner\"  >\n\t\t\t\n\t\t\t\n\n\t<section class=\"section dark\" id=\"section_1016171585\">\n\t\t<div class=\"section-bg fill\" >\n\t\t\t<img decoding=\"async\" width=\"1280\" height=\"1280\" src=\"https:\/\/i-moments.com\/content\/files\/2021\/06\/categoria-album.jpg\" class=\"bg attachment- size-\" alt=\"|\" title=\"|\">\t\t\t\t\t\t<div class=\"section-bg-overlay absolute fill\"><\/div>\n\t\t\t\n\n\t\t<\/div>\n\n\t\t\n\n\t\t<div class=\"section-content relative\">\n\t\t\t\n\n\t\t<div class=\"icon-box featured-box icon-box-center text-center\"  >\n\t\t\t\t<div class=\"icon-box-text last-reset\">\n\t\t\t\t\t\t\t\t\t\n<h3>Imaginaci\u00f3<\/h3>\n\t\t<\/div>\n\t<\/div>\n\t\n\t\n\t\t<\/div>\n\n\t\t\n<style>\n#section_1016171585 {\n  padding-top: 30px;\n  padding-bottom: 30px;\n  min-height: 300px;\n}\n#section_1016171585 .section-bg-overlay {\n  background-color: rgba(0, 0, 0, 0.26);\n}\n<\/style>\n\t<\/section>\n\t\n\t\t<\/div>\n\t\t\t\t\t<\/div>\n\n\t\n<\/div>\n\t\t<\/div>\n\t\t\t\t\t<\/div>\n\n\t\n<\/div>\n\t\t<\/div>\n\n\t\t\n<style>\n#section_1862153540 {\n  padding-top: 20px;\n  padding-bottom: 20px;\n}\n@media (min-width:550px) {\n  #section_1862153540 {\n    padding-top: 50px;\n    padding-bottom: 50px;\n  }\n}\n@media (min-width:850px) {\n  #section_1862153540 {\n    padding-top: 70px;\n    padding-bottom: 70px;\n  }\n}\n<\/style>\n\t<\/section>\n\t\n<p style=\"text-align: center;\">El nostre comprom\u00eds \u00e9s oferir-te la m\u00e0xima qualitat en cada producte i garantir-te una experi\u00e8ncia excepcional des del moment en qu\u00e8 comences a dissenyar fins que reps aquesta creaci\u00f3 a les teves mans. Comptem amb un equip de professionals apassionats per la fotografia i el disseny, disposats a ajudar-te en cada pas del cam\u00ed.<\/p>\n<p>En i-moments, creiem que cada persona t\u00e9 una hist\u00f2ria que contar i volem ajudar-te a narrar-la a trav\u00e9s dels nostres productes personalitzats, i que aquests sempre superin les teves expectatives. Ens enorgulleix ser part dels teus moments m\u00e9s valuosos i contribuir que els teus records cobrin vida. <\/p>\n<p style=\"text-align: center;\">Benvinguts a i-moments, on la personalitzaci\u00f3 i la creativitat no tenen l\u00edmits.<\/p>\n","protected":false},"excerpt":{"rendered":"<p>El nostre comprom\u00eds \u00e9s oferir-te la m\u00e0xima qualitat en cada producte i garantir-te una experi\u00e8ncia excepcional des del moment en qu\u00e8 comences a dissenyar fins que reps aquesta creaci\u00f3 a les teves mans. Comptem amb un equip de professionals apassionats per la fotografia i el disseny, disposats a ajudar-te en cada pas del cam\u00ed. En [&#8230;]\n","protected":false},"author":1,"featured_media":0,"parent":0,"menu_order":0,"comment_status":"closed","ping_status":"closed","template":"","meta":{"footnotes":""},"class_list":["post-14795","page","type-page","status-publish","hentry"],"_links":{"self":[{"href":"https:\/\/i-moments.com\/ca\/wp-json\/wp\/v2\/pages\/14795","targetHints":{"allow":["GET"]}}],"collection":[{"href":"https:\/\/i-moments.com\/ca\/wp-json\/wp\/v2\/pages"}],"about":[{"href":"https:\/\/i-moments.com\/ca\/wp-json\/wp\/v2\/types\/page"}],"author":[{"embeddable":true,"href":"https:\/\/i-moments.com\/ca\/wp-json\/wp\/v2\/users\/1"}],"replies":[{"embeddable":true,"href":"https:\/\/i-moments.com\/ca\/wp-json\/wp\/v2\/comments?post=14795"}],"version-history":[{"count":0,"href":"https:\/\/i-moments.com\/ca\/wp-json\/wp\/v2\/pages\/14795\/revisions"}],"wp:attachment":[{"href":"https:\/\/i-moments.com\/ca\/wp-json\/wp\/v2\/media?parent=14795"}],"curies":[{"name":"wp","href":"https:\/\/api.w.org\/{rel}","templated":true}]}}